{"id":1505,"date":"2018-08-11T16:19:18","date_gmt":"2018-08-11T14:19:18","guid":{"rendered":"https:\/\/giorgiutti.it\/project-for-people\/"},"modified":"2024-01-09T15:25:06","modified_gmt":"2024-01-09T14:25:06","slug":"project-for-people","status":"publish","type":"page","link":"https:\/\/www.giorgiutti.it\/de\/project-for-people\/","title":{"rendered":"Project for People"},"content":{"rendered":"<div class=\"wpb-content-wrapper\">[vc_row thb_full_width=&#8221;true&#8221; thb_row_padding=&#8221;true&#8221; thb_column_padding=&#8221;true&#8221; parallax=&#8221;content-moving&#8221; parallax_image=&#8221;951&#8243; parallax_speed_bg=&#8221;1.2&#8243; bg_gradient_direction=&#8221;0&#8243; css=&#8221;.vc_custom_1700128714688{padding-bottom: 600px !important;}&#8221; bg_gradient1=&#8221;rgba(0,0,0,0.7)&#8221; bg_gradient2=&#8221;rgba(10,10,10,0.01)&#8221;][vc_column][\/vc_column][\/vc_row][vc_row el_class=&#8221;align-center&#8221; css=&#8221;.vc_custom_1534097347595{padding-bottom: 90px !important;}&#8221;][vc_column box_shadow=&#8221;large-shadow&#8221; css=&#8221;.vc_custom_1700128740214{margin-top: -250px !important;padding-top: 8% !important;padding-right: 10% !important;padding-bottom: 7% !important;padding-left: 10% !important;background-color: #ffffff !important;}&#8221; offset=&#8221;vc_col-lg-8 vc_col-md-10&#8243; el_class=&#8221;text-center title-column&#8221;][vc_custom_heading text=&#8221;Project for People&#8221; font_container=&#8221;tag:h1|text_align:center&#8221; use_theme_fonts=&#8221;yes&#8221; el_class=&#8221;case-title&#8221;][vc_custom_heading text=&#8221;Das Team ist aktiv als Freiwilliger und \/ oder mit finanzieller Unterst\u00fctzung f\u00fcr die folgenden nicht-Profit-Organisationen t\u00e4tig. Unentbehrlich ist die st\u00e4ndige Weiterbildung in verschiedenen Bereichen f\u00fcr Jugendliche und Erwachsene.&#8221; font_container=&#8221;tag:p|text_align:center&#8221; use_theme_fonts=&#8221;yes&#8221; el_class=&#8221;case-title&#8221;][\/vc_column][\/vc_row][vc_row content_placement=&#8221;middle&#8221;][vc_column][vc_row_inner thb_column_padding=&#8221;true&#8221; content_placement=&#8221;middle&#8221; box_shadow=&#8221;large-shadow&#8221; css=&#8221;.vc_custom_1675779388756{margin-bottom: 50px !important;}&#8221;][vc_column_inner width=&#8221;1\/3&#8243; animation=&#8221;animation bottom-to-top-3d&#8221; offset=&#8221;vc_col-lg-4 vc_col-md-12&#8243;]\t<div id=\"thb-image-69ef57f370cad\" class=\"caption-style1  aligncenter full  thb_image_link wp-caption \">\n\t\t\t<div class=\"thb-image-inner size_100\">\n\t\t\t<img loading=\"lazy\" decoding=\"async\" width=\"340\" height=\"200\" src=\"https:\/\/www.giorgiutti.it\/wp-content\/uploads\/2023\/02\/direttivo.png\" class=\"thb_image    attachment-full\" alt=\"\" title=\"direttivo\" \/>\t\t\t\t\t<\/div>\n\t\t\t\t\t<\/div>\n\t[\/vc_column_inner][vc_column_inner width=&#8221;2\/3&#8243; animation=&#8221;animation bottom-to-top-3d&#8221; css=&#8221;.vc_custom_1675780744300{padding-top: 5% !important;padding-right: 5% !important;padding-bottom: 5% !important;padding-left: 5% !important;}&#8221; offset=&#8221;vc_col-lg-8 vc_col-md-12&#8243;][vc_custom_heading text=&#8221;VERBAND DER RHEUMAKRANKEN FRIAUL-JULISCH VENETIEN&#8221; use_theme_fonts=&#8221;yes&#8221;][vc_column_text]A.Ma.Re. FVG ONLUS, Mitglied der Associazione Nazionale Malati Reumatici (ANMAR) (Nationaler Verband der Rheumapatienten), wurde im August 1984 in Udine auf Initiative einiger Patienten und ihrer Familien gegr\u00fcndet.<\/p>\n<p>A.Ma.Re. Die FVG ONLUS setzt sich f\u00fcr die Sensibilisierung der Gesundheitsbeh\u00f6rden und der Politik ein, um Gesundheitseinrichtungen zu schaffen, die in der Lage sind, pr\u00e4ventive, kurative und rehabilitative Ma\u00dfnahmen f\u00fcr Rheumapatienten durchzuf\u00fchren.[\/vc_column_text]\t<a id=\"thb-button-69ef57f371527\" class=\"btn style3 medium  accent small-radius    \" href=\"http:\/\/www.malatireumaticifvg.org\/chisiamo\/consigliodirettivo.php\" target=\"_blank\" role=\"button\">\n\t\t\t\t\t<span>Besuchen Sie die Website<\/span>\n\t\t\t<\/a>\n\t\t[\/vc_column_inner][\/vc_row_inner][vc_row_inner thb_column_padding=&#8221;true&#8221; content_placement=&#8221;middle&#8221; box_shadow=&#8221;large-shadow&#8221; css=&#8221;.vc_custom_1675779396390{margin-bottom: 50px !important;}&#8221;][vc_column_inner width=&#8221;1\/3&#8243; animation=&#8221;animation bottom-to-top-3d&#8221; offset=&#8221;vc_col-lg-4 vc_col-md-12&#8243;]\t<div id=\"thb-image-69ef57f371575\" class=\"caption-style1  aligncenter full  thb_image_link wp-caption \">\n\t\t\t<div class=\"thb-image-inner size_100\">\n\t\t\t<img loading=\"lazy\" decoding=\"async\" width=\"327\" height=\"154\" src=\"https:\/\/www.giorgiutti.it\/wp-content\/uploads\/2023\/02\/progetto-autismo.jpeg\" class=\"thb_image    attachment-full\" alt=\"\" title=\"progetto-autismo\" \/>\t\t\t\t\t<\/div>\n\t\t\t\t\t<\/div>\n\t[\/vc_column_inner][vc_column_inner width=&#8221;2\/3&#8243; animation=&#8221;animation bottom-to-top-3d&#8221; css=&#8221;.vc_custom_1675780738398{padding-top: 5% !important;padding-right: 5% !important;padding-bottom: 5% !important;padding-left: 5% !important;}&#8221; offset=&#8221;vc_col-lg-8 vc_col-md-12&#8243;][vc_custom_heading text=&#8221;ProgettoautismoFVG&#8221; use_theme_fonts=&#8221;yes&#8221;][vc_column_text]Der Verein PROGETTOAUTISMO FVG onlus hat etwa 300 Mitglieder, davon 100 Familien mit einem Angeh\u00f6rigen, der am autistischen Syndrom, an einer tiefgreifenden Entwicklungsst\u00f6rung oder am Asperger-Syndrom leidet, in der gesamten Region Friaul-Julisch Venetien.<\/p>\n<p>Sie ist seit dem 03.06.2008 im Allgemeinen Register der freiwilligen Vereinigungen der F.V.G. unter der Nr. 1040 im Allgemeinen Register der freiwilligen Vereine der Region Friaul-Julisch-Venetien eingetragen und wurde gegr\u00fcndet, um die Eltern dieser besonderen Kinder bei ihrer schwierigen Erziehungsaufgabe zu unterst\u00fctzen und zu begleiten. Derzeit hat sie 37 Freiwillige und viele unterst\u00fctzende Freunde.[\/vc_column_text]\t<a id=\"thb-button-69ef57f371bfc\" class=\"btn style3 medium  accent small-radius    \" href=\"http:\/\/www.progettoautismofvg.org\/pafvg\/\" target=\"_blank\" role=\"button\">\n\t\t\t\t\t<span>Besuchen Sie die Website<\/span>\n\t\t\t<\/a>\n\t\t[\/vc_column_inner][\/vc_row_inner][vc_row_inner thb_column_padding=&#8221;true&#8221; content_placement=&#8221;middle&#8221; box_shadow=&#8221;large-shadow&#8221; css=&#8221;.vc_custom_1675779396390{margin-bottom: 50px !important;}&#8221;][vc_column_inner width=&#8221;1\/3&#8243; animation=&#8221;animation bottom-to-top-3d&#8221; offset=&#8221;vc_col-lg-4 vc_col-md-12&#8243;]\t<div id=\"thb-image-69ef57f371c43\" class=\"caption-style1  aligncenter full  thb_image_link wp-caption \">\n\t\t\t<div class=\"thb-image-inner size_100\">\n\t\t\t<img loading=\"lazy\" decoding=\"async\" width=\"680\" height=\"400\" src=\"https:\/\/www.giorgiutti.it\/wp-content\/uploads\/2023\/02\/progetto-graz.jpeg\" class=\"thb_image    attachment-full\" alt=\"\" title=\"progetto-graz\" \/>\t\t\t\t\t<\/div>\n\t\t\t\t\t<\/div>\n\t[\/vc_column_inner][vc_column_inner width=&#8221;2\/3&#8243; animation=&#8221;animation bottom-to-top-3d&#8221; css=&#8221;.vc_custom_1675780766574{padding-top: 5% !important;padding-right: 5% !important;padding-bottom: 5% !important;padding-left: 5% !important;}&#8221; offset=&#8221;vc_col-lg-8 vc_col-md-12&#8243;][vc_custom_heading text=&#8221;PROJEKT &quot;Giorgiutti&quot; &#8211; GRAZ (\u00d6sterreich)&#8221; use_theme_fonts=&#8221;yes&#8221;][vc_column_text]Willst du eine \u00f6sterreichische Schule besuchen und ein paar Monate lang mit \u00f6sterreichischen Gleichaltrigen zusammenleben, dein Deutsch verbessern und dich der Welt \u00f6ffnen? Genau das bietet dir das Projekt Giorgiutti.<\/p>\n<p>Dieses Projekt wurde dank des Enthusiasmus und der Gro\u00dfz\u00fcgigkeit von Dr. Alberto Giorgiutti, einem ehemaligen Marinelli-Sch\u00fcler, ins Leben gerufen. Er ist fest davon \u00fcberzeugt, dass sich unsere Sch\u00fcler der Au\u00dfenwelt \u00f6ffnen m\u00fcssen, insbesondere der deutschsprachigen Welt, was f\u00fcr eine Region wie die unsere, die an \u00d6sterreich grenzt und nicht so weit von Deutschland, dem Motor der europ\u00e4ischen Wirtschaft, entfernt ist, wichtig ist.[\/vc_column_text]\t<a id=\"thb-button-69ef57f372248\" class=\"btn style3 medium  accent small-radius    \" href=\"http:\/\/liceomarinelli.edu.it\/progettogiorgiutti\" target=\"_blank\" role=\"button\">\n\t\t\t\t\t<span>Besuchen Sie die Website<\/span>\n\t\t\t<\/a>\n\t\t[\/vc_column_inner][\/vc_row_inner][vc_row_inner thb_column_padding=&#8221;true&#8221; content_placement=&#8221;middle&#8221; box_shadow=&#8221;large-shadow&#8221; css=&#8221;.vc_custom_1675779396390{margin-bottom: 50px !important;}&#8221;][vc_column_inner width=&#8221;1\/3&#8243; animation=&#8221;animation bottom-to-top-3d&#8221; offset=&#8221;vc_col-lg-4 vc_col-md-12&#8243;]\t<div id=\"thb-image-69ef57f372287\" class=\"caption-style1  aligncenter full  thb_image_link wp-caption \">\n\t\t\t<div class=\"thb-image-inner size_100\">\n\t\t\t<img loading=\"lazy\" decoding=\"async\" width=\"322\" height=\"242\" src=\"https:\/\/www.giorgiutti.it\/wp-content\/uploads\/2023\/02\/MamanPaola.jpeg\" class=\"thb_image    attachment-full\" alt=\"\" title=\"MamanPaola\" \/>\t\t\t\t\t<\/div>\n\t\t\t\t\t<\/div>\n\t[\/vc_column_inner][vc_column_inner width=&#8221;2\/3&#8243; animation=&#8221;animation bottom-to-top-3d&#8221; css=&#8221;.vc_custom_1675780784262{padding-top: 5% !important;padding-right: 5% !important;padding-bottom: 5% !important;padding-left: 5% !important;}&#8221; offset=&#8221;vc_col-lg-8 vc_col-md-12&#8243;][vc_custom_heading text=&#8221;Krankenhaus \u201eMaman Paola\u201c&#8221; use_theme_fonts=&#8221;yes&#8221;][vc_column_text]Die kleine Klinik \u201eMaman Paola\u201d liegt in Kalenda (Republik Kongo).<\/p>\n<p>Die Direktion und Verwaltung sind Don Ilunga Mayamba anvertraut, der dank dieser Struktur Hilfe und Betreuung f\u00fcr die in Armut lebende Bev\u00f6lkerung geben kann, die sonst den vielen Krankheiten ohne Hoffnung auf jegliche Behandlung ausgesetzt sein w\u00fcrde (das n\u00e4chste Krankenhaus ist in 10 Stunden zu Fuss erreichbar). Insbesondere ist es Ziel der Klinik, den geb\u00e4renden Frauen beizustehen, da in dieser Gegend sehr oft die M\u00fctter mit ihren Kinder w\u00e4hrend der Geburt sterben. Man versucht auch, den Einwohnern eine korrekte vorbeugende Gesundheitserziehung zu vermitteln, sodass die Bev\u00f6lkerung lernt, sich behandeln zu lassen bevor es zu sp\u00e4t ist. In der Tat dient die kleine Praxis als Geburtshilfe und f\u00fcr die Behandlung von Malaria, Infektionen, Darmw\u00fcrmer, Husten, Fieber usw.,<\/p>\n<p>und ist so eine wahre Hoffnung f\u00fcr tausende von armen Leuten, die von den gro\u00dfen Stadtkrankenh\u00e4usern im Stich gelassen werden. Seit unsere kleine Klinik gebaut wurde gelang es uns, die Sterblichkeit der geb\u00e4renden M\u00fctter und deren Neugeborenen stark zu verringern.[\/vc_column_text][\/vc_column_inner][\/vc_row_inner][vc_row_inner thb_column_padding=&#8221;true&#8221; content_placement=&#8221;middle&#8221; box_shadow=&#8221;large-shadow&#8221; css=&#8221;.vc_custom_1675779396390{margin-bottom: 50px !important;}&#8221;][vc_column_inner width=&#8221;1\/3&#8243; animation=&#8221;animation bottom-to-top-3d&#8221; offset=&#8221;vc_col-lg-4 vc_col-md-12&#8243;]\t<div id=\"thb-image-69ef57f372842\" class=\"caption-style1  aligncenter full  thb_image_link wp-caption \">\n\t\t\t<div class=\"thb-image-inner size_100\">\n\t\t\t<img loading=\"lazy\" decoding=\"async\" width=\"322\" height=\"190\" src=\"https:\/\/www.giorgiutti.it\/wp-content\/uploads\/2023\/02\/FAEDIS.jpeg\" class=\"thb_image    attachment-full\" alt=\"\" title=\"FAEDIS\" \/>\t\t\t\t\t<\/div>\n\t\t\t\t\t<\/div>\n\t[\/vc_column_inner][vc_column_inner width=&#8221;2\/3&#8243; animation=&#8221;animation bottom-to-top-3d&#8221; css=&#8221;.vc_custom_1675780799717{padding-top: 5% !important;padding-right: 5% !important;padding-bottom: 5% !important;padding-left: 5% !important;}&#8221; offset=&#8221;vc_col-lg-8 vc_col-md-12&#8243;][vc_custom_heading text=&#8221;Familienheim der Vorsehung in Faedis, Udine, Villa Santina zur Betreuung von Kindern und M\u00fcttern und V\u00e4ter mit deren Kindern&#8221; use_theme_fonts=&#8221;yes&#8221;][vc_column_text]Das Familienheim \u201cPadre Luigi\u201d, dass in den letzten Jahren in Udine in via S. Giustina gelegen war, hat seit Februar 2008 einen neuen Sitz in Faedis, ein Dorf wenige Kilometer von Udine entfernt, auf den friaulischen H\u00fcgeln.<\/p>\n<p>Die Erziehung, \u00fcberwiegend f\u00fcr die Kleinsten, wird von Klosterfrauen gef\u00fchrt, w\u00e4hrend f\u00fcr die Verwaltung ein Verwaltungsrat zust\u00e4ndig ist. Die Zusammenarbeit mit den Kr\u00e4ften des Landes, sowohl \u00f6ffentliche als auch private, ist unentbehrlich; so sind die Freiwilligen und alle die Familien, die dazu bereit sind, die Kinder zu sich zu nehmen, sehr wichtig.<br \/>\nDiese Gemeinschaft hat eien zweiten Sitz in Udine, via Bariglaria, wo sich eine Klosterfrau mit Hilfe einiger Laien um die Aufnahme von \u201cMutter und Kind\u201d bem\u00fcht.[\/vc_column_text]\t<a id=\"thb-button-69ef57f372e90\" class=\"btn style3 medium  accent small-radius    \" href=\"http:\/\/www.casafamiglialuigiscrosoppi.it\/\" target=\"_blank\" role=\"button\">\n\t\t\t\t\t<span>Besuchen Sie die Website<\/span>\n\t\t\t<\/a>\n\t\t[\/vc_column_inner][\/vc_row_inner][vc_row_inner thb_column_padding=&#8221;true&#8221; content_placement=&#8221;middle&#8221; box_shadow=&#8221;large-shadow&#8221; css=&#8221;.vc_custom_1675779396390{margin-bottom: 50px !important;}&#8221;][vc_column_inner width=&#8221;1\/3&#8243; animation=&#8221;animation bottom-to-top-3d&#8221; offset=&#8221;vc_col-lg-4 vc_col-md-12&#8243;]\t<div id=\"thb-image-69ef57f372ed3\" class=\"caption-style1  aligncenter full  thb_image_link wp-caption \">\n\t\t\t<div class=\"thb-image-inner size_100\">\n\t\t\t<img loading=\"lazy\" decoding=\"async\" width=\"322\" height=\"190\" src=\"https:\/\/www.giorgiutti.it\/wp-content\/uploads\/2023\/02\/india.jpeg\" class=\"thb_image    attachment-full\" alt=\"\" title=\"india\" \/>\t\t\t\t\t<\/div>\n\t\t\t\t\t<\/div>\n\t[\/vc_column_inner][vc_column_inner width=&#8221;2\/3&#8243; animation=&#8221;animation bottom-to-top-3d&#8221; css=&#8221;.vc_custom_1675780819039{padding-top: 5% !important;padding-right: 5% !important;padding-bottom: 5% !important;padding-left: 5% !important;}&#8221; offset=&#8221;vc_col-lg-8 vc_col-md-12&#8243;][vc_custom_heading text=&#8221;Familienheim der Vorsehung in Indien&#8221; use_theme_fonts=&#8221;yes&#8221;][vc_column_text]2005. 005. \u00d6stlich von Kolkata liegt dieses Heim, wo \u201eStra\u00dfenkinder\u201c (3-9 Jahre) wie in einer gro\u00dfen Familie empfangen werden (3-9 Jahre); dort \u00fcbernehmen die Klosterfrauen eine Mutterrolle, indem sie diese M\u00e4dchen erziehen und unterrichten, bis sie ausreichend selbst\u00e4ndig geworden sind.<\/p>\n<p>Das Haus, das in Hindi \u201eSanjeevani Sadan\u201c hei\u00dft, hat einen bedeutsamen Namen: \u201eHaus der Vorsehung.\u201c[\/vc_column_text]\t<a id=\"thb-button-69ef57f3734f2\" class=\"btn style3 medium  accent small-radius    \" href=\"http:\/\/www.suoredellaprovvidenza.it\/dove_siamo\/india\/w_bengal\/barasat\/comunita.htm\" target=\"_blank\" role=\"button\">\n\t\t\t\t\t<span>Besuchen Sie die Website<\/span>\n\t\t\t<\/a>\n\t\t[\/vc_column_inner][\/vc_row_inner][vc_row_inner thb_column_padding=&#8221;true&#8221; content_placement=&#8221;middle&#8221; box_shadow=&#8221;large-shadow&#8221; css=&#8221;.vc_custom_1675779396390{margin-bottom: 50px !important;}&#8221;][vc_column_inner width=&#8221;1\/3&#8243; animation=&#8221;animation bottom-to-top-3d&#8221; offset=&#8221;vc_col-lg-4 vc_col-md-12&#8243;]\t<div id=\"thb-image-69ef57f373533\" class=\"caption-style1  aligncenter full  thb_image_link wp-caption \">\n\t\t\t<div class=\"thb-image-inner size_100\">\n\t\t\t<img loading=\"lazy\" decoding=\"async\" width=\"322\" height=\"190\" src=\"https:\/\/www.giorgiutti.it\/wp-content\/uploads\/2023\/02\/archeologia.jpeg\" class=\"thb_image    attachment-full\" alt=\"\" title=\"archeologia\" \/>\t\t\t\t\t<\/div>\n\t\t\t\t\t<\/div>\n\t[\/vc_column_inner][vc_column_inner width=&#8221;2\/3&#8243; animation=&#8221;animation bottom-to-top-3d&#8221; css=&#8221;.vc_custom_1675780828876{padding-top: 5% !important;padding-right: 5% !important;padding-bottom: 5% !important;padding-left: 5% !important;}&#8221; offset=&#8221;vc_col-lg-8 vc_col-md-12&#8243;][vc_custom_heading text=&#8221;Sponsoring der arch\u00e4ologischen Kampagne der Universit\u00e4t Udine in Syrien und Iraq&#8221; use_theme_fonts=&#8221;yes&#8221;][vc_column_text]Erste Forschungskampagne des \u201cArch\u00e4ologischen Regionalprojekts Land Ninive \u201d, von der Universit\u00e4t koordiniert und von Region FVG-Informest, Provinz Udine und Au\u00dfenministerium finanziert.<\/p>\n<p>Lesen Sie den Artikel: <a href=\"http:\/\/www.qatna.org\/press\/qatna-2010\/2010%2009%2024%20-%20Udine20.pdf\">Syrien, der Palast der K\u00f6nige von Qatna wiederbelebt dank der Universit\u00e4t von Udine<\/a>[\/vc_column_text]\t<a id=\"thb-button-69ef57f373b5b\" class=\"btn style3 medium  accent small-radius    \" href=\"http:\/\/qui.uniud.it\/notizieEventi\/cultura\/archeologia-nel-cuore-dellantico-impero-assiro\" target=\"_blank\" role=\"button\">\n\t\t\t\t\t<span>Besuchen Sie die Website<\/span>\n\t\t\t<\/a>\n\t\t[\/vc_column_inner][\/vc_row_inner][vc_row_inner thb_column_padding=&#8221;true&#8221; content_placement=&#8221;middle&#8221; box_shadow=&#8221;large-shadow&#8221; css=&#8221;.vc_custom_1675779396390{margin-bottom: 50px !important;}&#8221;][vc_column_inner width=&#8221;1\/3&#8243; animation=&#8221;animation bottom-to-top-3d&#8221; offset=&#8221;vc_col-lg-4 vc_col-md-12&#8243;]\t<div id=\"thb-image-69ef57f373ba4\" class=\"caption-style1  aligncenter full  thb_image_link wp-caption \">\n\t\t\t<div class=\"thb-image-inner size_100\">\n\t\t\t<img loading=\"lazy\" decoding=\"async\" width=\"322\" height=\"190\" src=\"https:\/\/www.giorgiutti.it\/wp-content\/uploads\/2023\/02\/Igudesmanandjoo.jpeg\" class=\"thb_image    attachment-full\" alt=\"\" title=\"Igudesmanandjoo\" \/>\t\t\t\t\t<\/div>\n\t\t\t\t\t<\/div>\n\t[\/vc_column_inner][vc_column_inner width=&#8221;2\/3&#8243; animation=&#8221;animation bottom-to-top-3d&#8221; css=&#8221;.vc_custom_1675780849448{padding-top: 5% !important;padding-right: 5% !important;padding-bottom: 5% !important;padding-left: 5% !important;}&#8221; offset=&#8221;vc_col-lg-8 vc_col-md-12&#8243;][vc_custom_heading text=&#8221;Produktion von Auff\u00fchrungen&#8221; use_theme_fonts=&#8221;yes&#8221;][vc_column_text]Gr\u00fcndung des weltweit bekanntesten Duos f\u00fcr innovative klassische Musik mit Tourneen <strong>mit dem London Symphony Orchester und den anderen gro\u00dfen Orchestern der Welt<\/strong>[\/vc_column_text]\t<a id=\"thb-button-69ef57f3741ab\" class=\"btn style3 medium  accent small-radius    \" href=\"http:\/\/www.igudesmanandjoo.com\/\" target=\"_blank\" role=\"button\">\n\t\t\t\t\t<span>Besuchen Sie die Website<\/span>\n\t\t\t<\/a>\n\t\t[\/vc_column_inner][\/vc_row_inner][vc_row_inner thb_column_padding=&#8221;true&#8221; content_placement=&#8221;middle&#8221; box_shadow=&#8221;large-shadow&#8221; css=&#8221;.vc_custom_1675779396390{margin-bottom: 50px !important;}&#8221;][vc_column_inner width=&#8221;1\/3&#8243; animation=&#8221;animation bottom-to-top-3d&#8221; offset=&#8221;vc_col-lg-4 vc_col-md-12&#8243;]\t<div id=\"thb-image-69ef57f3741ea\" class=\"caption-style1  aligncenter full  thb_image_link wp-caption \">\n\t\t\t<div class=\"thb-image-inner size_100\">\n\t\t\t<img loading=\"lazy\" decoding=\"async\" width=\"322\" height=\"190\" src=\"https:\/\/www.giorgiutti.it\/wp-content\/uploads\/2023\/02\/teatroudine.jpeg\" class=\"thb_image    attachment-full\" alt=\"\" title=\"teatroudine\" \/>\t\t\t\t\t<\/div>\n\t\t\t\t\t<\/div>\n\t[\/vc_column_inner][vc_column_inner width=&#8221;2\/3&#8243; animation=&#8221;animation bottom-to-top-3d&#8221; css=&#8221;.vc_custom_1675780866754{padding-top: 5% !important;padding-right: 5% !important;padding-bottom: 5% !important;padding-left: 5% !important;}&#8221; offset=&#8221;vc_col-lg-8 vc_col-md-12&#8243;][vc_custom_heading text=&#8221;Sponsor des Theaters \u201cGiovanni da Udine\u201d&#8221; use_theme_fonts=&#8221;yes&#8221;][vc_column_text]Das Theater \u201eGiovanni da Udine\u201c, 1997 er\u00f6ffnet, ist ein gro\u00dfes, modernes Geb\u00e4ude, im Besitz der Stadt Udine, verwaltet von der Stiftung Fondazione Teatro Nuovo Giovanni da Udine, mit der Gemeinde, der Provinz Udine und der Region Friaul-Julisch Venetien.<\/p>\n<p>Es enth\u00e4lt einen gro\u00dfen Saal f\u00fcr Veranstaltungen aber auch f\u00fcr st\u00e4dtische Versammlungen der friaulischen Gemeinde, mit allen modernen Einrichtungen und angemessenen Unterst\u00fctzungsr\u00e4umen ausgestattet.[\/vc_column_text]\t<a id=\"thb-button-69ef57f3747d2\" class=\"btn style3 medium  accent small-radius    \" href=\"http:\/\/www.teatroudine.it\/\" target=\"_blank\" role=\"button\">\n\t\t\t\t\t<span>Besuchen Sie die Website<\/span>\n\t\t\t<\/a>\n\t\t[\/vc_column_inner][\/vc_row_inner][vc_row_inner thb_column_padding=&#8221;true&#8221; content_placement=&#8221;middle&#8221; box_shadow=&#8221;large-shadow&#8221; css=&#8221;.vc_custom_1675779396390{margin-bottom: 50px !important;}&#8221;][vc_column_inner width=&#8221;1\/3&#8243; animation=&#8221;animation bottom-to-top-3d&#8221; offset=&#8221;vc_col-lg-4 vc_col-md-12&#8243;]\t<div id=\"thb-image-69ef57f374810\" class=\"caption-style1  aligncenter full  thb_image_link wp-caption \">\n\t\t\t<div class=\"thb-image-inner size_100\">\n\t\t\t<img loading=\"lazy\" decoding=\"async\" width=\"322\" height=\"190\" src=\"https:\/\/www.giorgiutti.it\/wp-content\/uploads\/2023\/02\/piccolofestival.jpeg\" class=\"thb_image    attachment-full\" alt=\"\" title=\"piccolofestival\" \/>\t\t\t\t\t<\/div>\n\t\t\t\t\t<\/div>\n\t[\/vc_column_inner][vc_column_inner width=&#8221;2\/3&#8243; animation=&#8221;animation bottom-to-top-3d&#8221; css=&#8221;.vc_custom_1675780872989{padding-top: 5% !important;padding-right: 5% !important;padding-bottom: 5% !important;padding-left: 5% !important;}&#8221; offset=&#8221;vc_col-lg-8 vc_col-md-12&#8243;][vc_custom_heading text=&#8221;Sponsor des Festivals \u201cPiccolo Festival\u201d der Region Friaul-Julisch Venetien&#8221; use_theme_fonts=&#8221;yes&#8221;][vc_column_text]\n<p style=\"text-align: right;\">\u201cEin Theater der Kunst f\u00fcr jedermann mit einem gemischten Programm: international, aber gleichzeitig eng mit seinen Wurzeln verbunden\u201c<br \/>\n<em>Giorgio Strehler<\/em><br \/>\n<em>Gr\u00fcndungsmanifest Stiftung Piccolo Teatro Mailand, 1947<\/em><\/p>\n<p>Das Festival, organisiert vom kulturellen Verein \u201cPiccolo Festival\u201d der Region Friaul-Julisch Venetien, entstand im Jahr 2007 im Bereich der von der Region gef\u00f6rderten integrierten Kulturprojekte.[\/vc_column_text]\t<a id=\"thb-button-69ef57f374e40\" class=\"btn style3 medium  accent small-radius    \" href=\"http:\/\/www.piccolofestival.org\/\" target=\"_blank\" role=\"button\">\n\t\t\t\t\t<span>Besuchen Sie die Website<\/span>\n\t\t\t<\/a>\n\t\t[\/vc_column_inner][\/vc_row_inner][vc_row_inner thb_column_padding=&#8221;true&#8221; content_placement=&#8221;middle&#8221; box_shadow=&#8221;large-shadow&#8221; css=&#8221;.vc_custom_1675779396390{margin-bottom: 50px !important;}&#8221;][vc_column_inner width=&#8221;1\/3&#8243; animation=&#8221;animation bottom-to-top-3d&#8221; offset=&#8221;vc_col-lg-4 vc_col-md-12&#8243;]\t<div id=\"thb-image-69ef57f374e81\" class=\"caption-style1  aligncenter full  thb_image_link wp-caption \">\n\t\t\t<div class=\"thb-image-inner size_100\">\n\t\t\t<img loading=\"lazy\" decoding=\"async\" width=\"322\" height=\"190\" src=\"https:\/\/www.giorgiutti.it\/wp-content\/uploads\/2023\/02\/santuario.jpeg\" class=\"thb_image    attachment-full\" alt=\"\" title=\"santuario\" \/>\t\t\t\t\t<\/div>\n\t\t\t\t\t<\/div>\n\t[\/vc_column_inner][vc_column_inner width=&#8221;2\/3&#8243; animation=&#8221;animation bottom-to-top-3d&#8221; css=&#8221;.vc_custom_1675780886543{padding-top: 5% !important;padding-right: 5% !important;padding-bottom: 5% !important;padding-left: 5% !important;}&#8221; offset=&#8221;vc_col-lg-8 vc_col-md-12&#8243;][vc_custom_heading text=&#8221;SPONSOR DER WIEDERHERSTELLUNG DES PILGERPFADES AUF DEM MONTE LUSSARI (Tarvisio)&#8221; use_theme_fonts=&#8221;yes&#8221;][vc_column_text]Der Monte Lussari ist ein Juwel von unvergleichlicher Sch\u00f6nheit, von dem aus man eine \u00fcberw\u00e4ltigende Naturkulisse mit hoch aufragenden, majest\u00e4tischen Gipfeln bewundern kann.<\/p>\n<p>Er ist nicht nur ein Naturdenkmal, sondern auch ein Heiligtum, das die slawische, italienische und deutsche Volksgruppe vereint.[\/vc_column_text][\/vc_column_inner][\/vc_row_inner][\/vc_column][\/vc_row][vc_row][vc_column][vc_empty_space height=&#8221;80px&#8221;][\/vc_column][\/vc_row]\n<\/div>","protected":false},"excerpt":{"rendered":"<p>[vc_row thb_full_width=&#8221;true&#8221; thb_row_padding=&#8221;true&#8221; thb_column_padding=&#8221;true&#8221; parallax=&#8221;content-moving&#8221; parallax_image=&#8221;951&#8243; parallax_speed_bg=&#8221;1.2&#8243; bg_gradient_direction=&#8221;0&#8243; css=&#8221;.vc_custom_1700128714688{padding-bottom: 600px !important;}&#8221; bg_gradient1=&#8221;rgba(0,0,0,0.7)&#8221; bg_gradient2=&#8221;rgba(10,10,10,0.01)&#8221;][vc_column][\/vc_column][\/vc_row][vc_row el_class=&#8221;align-center&#8221; css=&#8221;.vc_custom_1534097347595{padding-bottom: 90px !important;}&#8221;][vc_column box_shadow=&#8221;large-shadow&#8221; css=&#8221;.vc_custom_1700128740214{margin-top: -250px !important;padding-top: 8% !important;padding-right: 10% !important;padding-bottom: 7% !important;padding-left: 10% !important;background-color: #ffffff !important;}&#8221; offset=&#8221;vc_col-lg-8 vc_col-md-10&#8243; el_class=&#8221;text-center title-column&#8221;][vc_custom_heading text=&#8221;Project for People&#8221; font_container=&#8221;tag:h1|text_align:center&#8221; use_theme_fonts=&#8221;yes&#8221; el_class=&#8221;case-title&#8221;][vc_custom_heading text=&#8221;Das Team ist aktiv als Freiwilliger und \/ oder mit finanzieller Unterst\u00fctzung f\u00fcr die&hellip;<\/p>\n","protected":false},"author":1,"featured_media":0,"parent":0,"menu_order":0,"comment_status":"closed","ping_status":"closed","template":"","meta":{"footnotes":""},"class_list":["post-1505","page","type-page","status-publish","hentry"],"yoast_head":"<!-- This site is optimized with the Yoast SEO plugin v27.4 - https:\/\/yoast.com\/product\/yoast-seo-wordpress\/ -->\n<title>Project for People - Giorgiutti &amp; Di Barbara<\/title>\n<meta name=\"robots\" content=\"index, follow, max-snippet:-1, max-image-preview:large, max-video-preview:-1\" \/>\n<link rel=\"canonical\" href=\"https:\/\/www.giorgiutti.it\/project-for-people\/\" \/>\n<meta property=\"og:locale\" content=\"de_DE\" \/>\n<meta property=\"og:type\" content=\"article\" \/>\n<meta property=\"og:title\" content=\"Project for People - Giorgiutti &amp; Di Barbara\" \/>\n<meta property=\"og:description\" content=\"[vc_row thb_full_width=&#8221;true&#8221; thb_row_padding=&#8221;true&#8221; thb_column_padding=&#8221;true&#8221; parallax=&#8221;content-moving&#8221; parallax_image=&#8221;951&#8243; parallax_speed_bg=&#8221;1.2&#8243; bg_gradient_direction=&#8221;0&#8243; css=&#8221;.vc_custom_1700128714688{padding-bottom: 600px !important;}&#8221; bg_gradient1=&#8221;rgba(0,0,0,0.7)&#8221; bg_gradient2=&#8221;rgba(10,10,10,0.01)&#8221;][vc_column][\/vc_column][\/vc_row][vc_row el_class=&#8221;align-center&#8221; css=&#8221;.vc_custom_1534097347595{padding-bottom: 90px !important;}&#8221;][vc_column box_shadow=&#8221;large-shadow&#8221; css=&#8221;.vc_custom_1700128740214{margin-top: -250px !important;padding-top: 8% !important;padding-right: 10% !important;padding-bottom: 7% !important;padding-left: 10% !important;background-color: #ffffff !important;}&#8221; offset=&#8221;vc_col-lg-8 vc_col-md-10&#8243; el_class=&#8221;text-center title-column&#8221;][vc_custom_heading text=&#8221;Project for People&#8221; font_container=&#8221;tag:h1|text_align:center&#8221; use_theme_fonts=&#8221;yes&#8221; el_class=&#8221;case-title&#8221;][vc_custom_heading text=&#8221;Das Team ist aktiv als Freiwilliger und \/ oder mit finanzieller Unterst\u00fctzung f\u00fcr die&hellip;\" \/>\n<meta property=\"og:url\" content=\"https:\/\/www.giorgiutti.it\/project-for-people\/\" \/>\n<meta property=\"og:site_name\" content=\"Giorgiutti &amp; Di Barbara\" \/>\n<meta property=\"article:modified_time\" content=\"2024-01-09T14:25:06+00:00\" \/>\n<meta name=\"twitter:card\" content=\"summary_large_image\" \/>\n<meta name=\"twitter:label1\" content=\"Est. reading time\" \/>\n\t<meta name=\"twitter:data1\" content=\"11 minutes\" \/>\n<script type=\"application\/ld+json\" class=\"yoast-schema-graph\">{\"@context\":\"https:\\\/\\\/schema.org\",\"@graph\":[{\"@type\":\"WebPage\",\"@id\":\"https:\\\/\\\/www.giorgiutti.it\\\/project-for-people\\\/\",\"url\":\"https:\\\/\\\/www.giorgiutti.it\\\/project-for-people\\\/\",\"name\":\"Project for People - Giorgiutti &amp; Di Barbara\",\"isPartOf\":{\"@id\":\"https:\\\/\\\/www.giorgiutti.it\\\/#website\"},\"datePublished\":\"2018-08-11T14:19:18+00:00\",\"dateModified\":\"2024-01-09T14:25:06+00:00\",\"breadcrumb\":{\"@id\":\"https:\\\/\\\/www.giorgiutti.it\\\/project-for-people\\\/#breadcrumb\"},\"inLanguage\":\"de-DE\",\"potentialAction\":[{\"@type\":\"ReadAction\",\"target\":[\"https:\\\/\\\/www.giorgiutti.it\\\/project-for-people\\\/\"]}]},{\"@type\":\"BreadcrumbList\",\"@id\":\"https:\\\/\\\/www.giorgiutti.it\\\/project-for-people\\\/#breadcrumb\",\"itemListElement\":[{\"@type\":\"ListItem\",\"position\":1,\"name\":\"Home\",\"item\":\"https:\\\/\\\/www.giorgiutti.it\\\/de\\\/\"},{\"@type\":\"ListItem\",\"position\":2,\"name\":\"Project for People\"}]},{\"@type\":\"WebSite\",\"@id\":\"https:\\\/\\\/www.giorgiutti.it\\\/#website\",\"url\":\"https:\\\/\\\/www.giorgiutti.it\\\/\",\"name\":\"Giorgiutti & Di Barbara\",\"description\":\"Studio Consulenze del Lavoro\",\"publisher\":{\"@id\":\"https:\\\/\\\/www.giorgiutti.it\\\/#organization\"},\"potentialAction\":[{\"@type\":\"SearchAction\",\"target\":{\"@type\":\"EntryPoint\",\"urlTemplate\":\"https:\\\/\\\/www.giorgiutti.it\\\/?s={search_term_string}\"},\"query-input\":{\"@type\":\"PropertyValueSpecification\",\"valueRequired\":true,\"valueName\":\"search_term_string\"}}],\"inLanguage\":\"de-DE\"},{\"@type\":\"Organization\",\"@id\":\"https:\\\/\\\/www.giorgiutti.it\\\/#organization\",\"name\":\"Giorgiutti & Di Barbara\",\"url\":\"https:\\\/\\\/www.giorgiutti.it\\\/\",\"logo\":{\"@type\":\"ImageObject\",\"inLanguage\":\"de-DE\",\"@id\":\"https:\\\/\\\/www.giorgiutti.it\\\/#\\\/schema\\\/logo\\\/image\\\/\",\"url\":\"https:\\\/\\\/www.giorgiutti.it\\\/wp-content\\\/uploads\\\/2023\\\/01\\\/logo-completo-blu.svg\",\"contentUrl\":\"https:\\\/\\\/www.giorgiutti.it\\\/wp-content\\\/uploads\\\/2023\\\/01\\\/logo-completo-blu.svg\",\"width\":1,\"height\":1,\"caption\":\"Giorgiutti & Di Barbara\"},\"image\":{\"@id\":\"https:\\\/\\\/www.giorgiutti.it\\\/#\\\/schema\\\/logo\\\/image\\\/\"},\"sameAs\":[\"https:\\\/\\\/www.linkedin.com\\\/company\\\/giorgiutti-srl?trk=biz-companies-cym\"]}]}<\/script>\n<!-- \/ Yoast SEO plugin. -->","yoast_head_json":{"title":"Project for People - Giorgiutti &amp; Di Barbara","robots":{"index":"index","follow":"follow","max-snippet":"max-snippet:-1","max-image-preview":"max-image-preview:large","max-video-preview":"max-video-preview:-1"},"canonical":"https:\/\/www.giorgiutti.it\/project-for-people\/","og_locale":"de_DE","og_type":"article","og_title":"Project for People - Giorgiutti &amp; Di Barbara","og_description":"[vc_row thb_full_width=&#8221;true&#8221; thb_row_padding=&#8221;true&#8221; thb_column_padding=&#8221;true&#8221; parallax=&#8221;content-moving&#8221; parallax_image=&#8221;951&#8243; parallax_speed_bg=&#8221;1.2&#8243; bg_gradient_direction=&#8221;0&#8243; css=&#8221;.vc_custom_1700128714688{padding-bottom: 600px !important;}&#8221; bg_gradient1=&#8221;rgba(0,0,0,0.7)&#8221; bg_gradient2=&#8221;rgba(10,10,10,0.01)&#8221;][vc_column][\/vc_column][\/vc_row][vc_row el_class=&#8221;align-center&#8221; css=&#8221;.vc_custom_1534097347595{padding-bottom: 90px !important;}&#8221;][vc_column box_shadow=&#8221;large-shadow&#8221; css=&#8221;.vc_custom_1700128740214{margin-top: -250px !important;padding-top: 8% !important;padding-right: 10% !important;padding-bottom: 7% !important;padding-left: 10% !important;background-color: #ffffff !important;}&#8221; offset=&#8221;vc_col-lg-8 vc_col-md-10&#8243; el_class=&#8221;text-center title-column&#8221;][vc_custom_heading text=&#8221;Project for People&#8221; font_container=&#8221;tag:h1|text_align:center&#8221; use_theme_fonts=&#8221;yes&#8221; el_class=&#8221;case-title&#8221;][vc_custom_heading text=&#8221;Das Team ist aktiv als Freiwilliger und \/ oder mit finanzieller Unterst\u00fctzung f\u00fcr die&hellip;","og_url":"https:\/\/www.giorgiutti.it\/project-for-people\/","og_site_name":"Giorgiutti &amp; Di Barbara","article_modified_time":"2024-01-09T14:25:06+00:00","twitter_card":"summary_large_image","twitter_misc":{"Est. reading time":"11 minutes"},"schema":{"@context":"https:\/\/schema.org","@graph":[{"@type":"WebPage","@id":"https:\/\/www.giorgiutti.it\/project-for-people\/","url":"https:\/\/www.giorgiutti.it\/project-for-people\/","name":"Project for People - Giorgiutti &amp; Di Barbara","isPartOf":{"@id":"https:\/\/www.giorgiutti.it\/#website"},"datePublished":"2018-08-11T14:19:18+00:00","dateModified":"2024-01-09T14:25:06+00:00","breadcrumb":{"@id":"https:\/\/www.giorgiutti.it\/project-for-people\/#breadcrumb"},"inLanguage":"de-DE","potentialAction":[{"@type":"ReadAction","target":["https:\/\/www.giorgiutti.it\/project-for-people\/"]}]},{"@type":"BreadcrumbList","@id":"https:\/\/www.giorgiutti.it\/project-for-people\/#breadcrumb","itemListElement":[{"@type":"ListItem","position":1,"name":"Home","item":"https:\/\/www.giorgiutti.it\/de\/"},{"@type":"ListItem","position":2,"name":"Project for People"}]},{"@type":"WebSite","@id":"https:\/\/www.giorgiutti.it\/#website","url":"https:\/\/www.giorgiutti.it\/","name":"Giorgiutti & Di Barbara","description":"Studio Consulenze del Lavoro","publisher":{"@id":"https:\/\/www.giorgiutti.it\/#organization"},"potentialAction":[{"@type":"SearchAction","target":{"@type":"EntryPoint","urlTemplate":"https:\/\/www.giorgiutti.it\/?s={search_term_string}"},"query-input":{"@type":"PropertyValueSpecification","valueRequired":true,"valueName":"search_term_string"}}],"inLanguage":"de-DE"},{"@type":"Organization","@id":"https:\/\/www.giorgiutti.it\/#organization","name":"Giorgiutti & Di Barbara","url":"https:\/\/www.giorgiutti.it\/","logo":{"@type":"ImageObject","inLanguage":"de-DE","@id":"https:\/\/www.giorgiutti.it\/#\/schema\/logo\/image\/","url":"https:\/\/www.giorgiutti.it\/wp-content\/uploads\/2023\/01\/logo-completo-blu.svg","contentUrl":"https:\/\/www.giorgiutti.it\/wp-content\/uploads\/2023\/01\/logo-completo-blu.svg","width":1,"height":1,"caption":"Giorgiutti & Di Barbara"},"image":{"@id":"https:\/\/www.giorgiutti.it\/#\/schema\/logo\/image\/"},"sameAs":["https:\/\/www.linkedin.com\/company\/giorgiutti-srl?trk=biz-companies-cym"]}]}},"_links":{"self":[{"href":"https:\/\/www.giorgiutti.it\/de\/wp-json\/wp\/v2\/pages\/1505","targetHints":{"allow":["GET"]}}],"collection":[{"href":"https:\/\/www.giorgiutti.it\/de\/wp-json\/wp\/v2\/pages"}],"about":[{"href":"https:\/\/www.giorgiutti.it\/de\/wp-json\/wp\/v2\/types\/page"}],"author":[{"embeddable":true,"href":"https:\/\/www.giorgiutti.it\/de\/wp-json\/wp\/v2\/users\/1"}],"replies":[{"embeddable":true,"href":"https:\/\/www.giorgiutti.it\/de\/wp-json\/wp\/v2\/comments?post=1505"}],"version-history":[{"count":18,"href":"https:\/\/www.giorgiutti.it\/de\/wp-json\/wp\/v2\/pages\/1505\/revisions"}],"predecessor-version":[{"id":3367,"href":"https:\/\/www.giorgiutti.it\/de\/wp-json\/wp\/v2\/pages\/1505\/revisions\/3367"}],"wp:attachment":[{"href":"https:\/\/www.giorgiutti.it\/de\/wp-json\/wp\/v2\/media?parent=1505"}],"curies":[{"name":"wp","href":"https:\/\/api.w.org\/{rel}","templated":true}]}}